{"id":3,"date":"2022-03-17T17:29:24","date_gmt":"2022-03-17T16:29:24","guid":{"rendered":"http:\/\/laverriere-restaurant.com\/pontdebeauvoisin\/?page_id=3"},"modified":"2024-05-14T10:10:56","modified_gmt":"2024-05-14T08:10:56","slug":"politique-de-confidentialite","status":"publish","type":"page","link":"https:\/\/laverriere-restaurant.com\/pontdebeauvoisin\/politique-de-confidentialite\/","title":{"rendered":"Politique de confidentialit\u00e9"},"content":{"rendered":"<p>[et_pb_section fb_built=\u00a0\u00bb1&Prime; module_id=\u00a0\u00bbmentions\u00a0\u00bb _builder_version=\u00a0\u00bb4.16&Prime; global_colors_info=\u00a0\u00bb{}\u00a0\u00bb][et_pb_row _builder_version=\u00a0\u00bb4.16&Prime; background_size=\u00a0\u00bbinitial\u00a0\u00bb background_position=\u00a0\u00bbtop_left\u00a0\u00bb background_repeat=\u00a0\u00bbrepeat\u00a0\u00bb global_colors_info=\u00a0\u00bb{}\u00a0\u00bb][et_pb_column type=\u00a0\u00bb4_4&Prime; _builder_version=\u00a0\u00bb4.16&Prime; custom_padding=\u00a0\u00bb|||\u00a0\u00bb global_colors_info=\u00a0\u00bb{}\u00a0\u00bb custom_padding__hover=\u00a0\u00bb|||\u00a0\u00bb][et_pb_text _builder_version=\u00a0\u00bb4.25.1&Prime; text_font_size=\u00a0\u00bb17px\u00a0\u00bb background_size=\u00a0\u00bbinitial\u00a0\u00bb background_position=\u00a0\u00bbtop_left\u00a0\u00bb background_repeat=\u00a0\u00bbrepeat\u00a0\u00bb hover_enabled=\u00a0\u00bb0&Prime; global_colors_info=\u00a0\u00bb{}\u00a0\u00bb sticky_enabled=\u00a0\u00bb0&Prime;]<\/p>\n<p><!-- divi:heading --><\/p>\n<h3 style=\"text-align: center;\"><span><b>Mentions l\u00e9gales<\/b><\/span><\/h3>\n<h3>#Publication<\/h3>\n<p><strong>Direction de la publication<\/strong><br \/>Fabrice Deshayes<br \/>La Verri\u00e8re restaurant<br \/>Hyper U<br \/>La Baronnie 73330 Le Pont-de-Beauvoisin<br \/>T\u00e9l.: 0476329792<br \/>Mail : <a href=\"mailto:restaurant.brasserielaverriere@gmail.com\">restaurant.brasserielaverriere@gmail.com<\/a><\/p>\n<h3>#Cr\u00e9dits<\/h3>\n<p><strong>Cr\u00e9ation du site<br \/><\/strong>Marie-Laure Cathelin \/ <a href=\"https:\/\/www.mlcat.com\" target=\"_blank\" rel=\"noopener\">www.mlcat.com<\/a><\/p>\n<p><strong>Cr\u00e9ation graphique menus et flyers pizzas<\/strong><br \/>Tria Design \/ <a href=\"https:\/\/tria-design.fr\/\" target=\"_blank\" rel=\"noopener\">www.tria-design.fr<\/a><\/p>\n<p><strong>Photos<\/strong><br \/>La Verri\u00e8re restaurant<br \/>Anthony Cottarel Photographe \/ <a href=\"https:\/\/www.anthonycottarel.com\/\" target=\"_blank\" rel=\"noopener\">www.anthonycottarel.com<\/a><\/p>\n<p><strong>Tableaux expos\u00e9s au restaurant<\/strong><br \/>Delphine Bonon artiste peintre \/ <a href=\"http:\/\/www.delphinebonon.fr\/\" target=\"_blank\" rel=\"noopener\">www.delphinebonon.fr<\/a><\/p>\n<p>&nbsp;<\/p>\n<h3>#H\u00e9bergement<\/h3>\n<p><span>OVH<\/span><br \/><span>2 rue Kellermann \u2013 59100 Roubaix \u2013 France<\/span><br \/><span>SAS au capital de 10 069 020 \u20ac<\/span><br \/><span>RCS Lille M\u00e9tropole 424 761 419 00045<\/span><br \/><span>Code APE 2620Z \/\u00a0N\u00b0 TVA : FR 22 424 761 419<\/span><br \/><a href=\"https:\/\/www.ovh.com\/\" target=\"_blank\" rel=\"noopener noreferrer\">www.ovh.com<\/a><\/p>\n<p>&nbsp;<\/p>\n<p><!-- \/divi:paragraph --><\/p>\n<p>[\/et_pb_text][\/et_pb_column][\/et_pb_row][\/et_pb_section][et_pb_section fb_built=\u00a0\u00bb1&Prime; module_id=\u00a0\u00bbconfidentialite\u00a0\u00bb _builder_version=\u00a0\u00bb4.16&Prime; global_colors_info=\u00a0\u00bb{}\u00a0\u00bb][et_pb_row _builder_version=\u00a0\u00bb4.16&Prime; background_size=\u00a0\u00bbinitial\u00a0\u00bb background_position=\u00a0\u00bbtop_left\u00a0\u00bb background_repeat=\u00a0\u00bbrepeat\u00a0\u00bb global_colors_info=\u00a0\u00bb{}\u00a0\u00bb][et_pb_column type=\u00a0\u00bb4_4&Prime; _builder_version=\u00a0\u00bb4.16&Prime; custom_padding=\u00a0\u00bb|||\u00a0\u00bb global_colors_info=\u00a0\u00bb{}\u00a0\u00bb custom_padding__hover=\u00a0\u00bb|||\u00a0\u00bb][et_pb_text _builder_version=\u00a0\u00bb4.16&Prime; text_font_size=\u00a0\u00bb17px\u00a0\u00bb background_size=\u00a0\u00bbinitial\u00a0\u00bb background_position=\u00a0\u00bbtop_left\u00a0\u00bb background_repeat=\u00a0\u00bbrepeat\u00a0\u00bb global_colors_info=\u00a0\u00bb{}\u00a0\u00bb]<\/p>\n<p><!-- divi:heading --><\/p>\n<h3 style=\"text-align: center;\"><span><b>Politique de confidentialit\u00e9<\/b><\/span><\/h3>\n<p><span>Nous nous engageons \u00e0 respecter la confidentialit\u00e9 des renseignements personnels que vous fournirez.<\/span><span><\/span><\/p>\n<h4>#Collecte de renseignements personnels<\/h4>\n<p>Vos num\u00e9ros de t\u00e9l\u00e9phone, mails et nom ne seront utilis\u00e9s que pour r\u00e9pondre \u00e0 vos questions par mail, t\u00e9l\u00e9phone si vous nous contactez par l&rsquo;un de ces moyens ou pour vos r\u00e9servations de table au restaurant.<span><\/span><\/p>\n<h4>#Droit d\u2019opposition et de retrait<\/h4>\n<p>Nous nous engageons \u00e0 vous offrir un droit d\u2019opposition (refuser que vos renseignements personnels soient r\u00e9-utilis\u00e9s) et de retrait (demander \u00e0 ce que vos renseignements personnels ne figurent pas dans nos contacts).<br \/><span>Nous nous engageons \u00e9galement \u00e0 reconna\u00eetre un droit d\u2019acc\u00e8s et de rectification aux personnes concern\u00e9es d\u00e9sireuses de modifier ou radier les informations les concernant.<br \/><\/span><span>Pour pouvoir exercer ces droits, vous pouvez nous \u00e9crire \u00e0 <a href=\"mailto:laverriererestaurant@gmail.com\">laverriererestaurant@gmail.com<\/a>.<\/span><br \/><span><\/span><\/p>\n<p><span><\/span><\/p>\n<h4><strong><span>#S\u00e9curit\u00e9<\/span><\/strong><\/h4>\n<p>Nous respectons la confidentialit\u00e9 de vos informations. Les mesures suivantes sont utilis\u00e9es pour assurer la s\u00e9curit\u00e9 du site :\u00a0<br \/><span>\u2013 Protocole SSL (Secure Sockets Layer)<br \/><\/span><span>\u2013 Acc\u00e8s au site uniquement par les personnes autoris\u00e9es par identifiant et mot de passe.<\/span><\/p>\n<p>Nous nous engageons \u00e0 maintenir un haut degr\u00e9 de confidentialit\u00e9 en int\u00e9grant les derni\u00e8res innovations technologiques permettant d\u2019assurer la confidentialit\u00e9 de vos renseignements. Toutefois, comme aucun m\u00e9canisme n\u2019offre une s\u00e9curit\u00e9 maximale, une part de risque est toujours pr\u00e9sente lorsque l\u2019on utilise Internet pour transmettre des renseignements personnels et nous d\u00e9clinons toute responsabilit\u00e9 en cas de mauvaise utilisation de votre part.\u00a0<\/p>\n<p>&nbsp;<\/p>\n<h4><strong><span>#L\u00e9gislation<\/span><\/strong><\/h4>\n<p>R\u00e8glement (UE) 2016\/679 du Parlement europ\u00e9en et du Conseil du 27 avril 2016 \u2013 R\u00e8glement\u00a0relatif \u00e0 la protection des personnes physiques \u00e0 l\u2019\u00e9gard du traitement des donn\u00e9es \u00e0 caract\u00e8re personnel et \u00e0 la libre circulation de ces donn\u00e9es, et abrogeant la directive 95\/46\/CE (r\u00e8glement g\u00e9n\u00e9ral sur la protection des donn\u00e9es \u2013 RGPD)<\/p>\n<p><!-- \/divi:paragraph --><\/p>\n<p>[\/et_pb_text][\/et_pb_column][\/et_pb_row][\/et_pb_section][et_pb_section fb_built=\u00a0\u00bb1&Prime; _builder_version=\u00a0\u00bb4.16&Prime; _module_preset=\u00a0\u00bbdefault\u00a0\u00bb background_color=\u00a0\u00bb#e5e5e5&Prime; custom_padding=\u00a0\u00bb||33px|||\u00a0\u00bb global_module=\u00a0\u00bb1813&Prime; global_colors_info=\u00a0\u00bb{}\u00a0\u00bb][et_pb_row _builder_version=\u00a0\u00bb4.16&Prime; _module_preset=\u00a0\u00bbdefault\u00a0\u00bb global_colors_info=\u00a0\u00bb{}\u00a0\u00bb][et_pb_column type=\u00a0\u00bb4_4&Prime; _builder_version=\u00a0\u00bb4.16&Prime; _module_preset=\u00a0\u00bbdefault\u00a0\u00bb global_colors_info=\u00a0\u00bb{}\u00a0\u00bb][et_pb_text _builder_version=\u00a0\u00bb4.25.1&Prime; text_font=\u00a0\u00bbAbel||||||||\u00a0\u00bb text_text_color=\u00a0\u00bb#FFFFFF\u00a0\u00bb text_font_size=\u00a0\u00bb20px\u00a0\u00bb text_line_height=\u00a0\u00bb2em\u00a0\u00bb header_font=\u00a0\u00bb||||||||\u00a0\u00bb header_2_font=\u00a0\u00bbAbril Fatface||||||||\u00a0\u00bb header_2_font_size=\u00a0\u00bb60px\u00a0\u00bb header_2_line_height=\u00a0\u00bb1.2em\u00a0\u00bb text_orientation=\u00a0\u00bbcenter\u00a0\u00bb width=\u00a0\u00bb80%\u00a0\u00bb module_alignment=\u00a0\u00bbcenter\u00a0\u00bb custom_margin=\u00a0\u00bb||14px|||\u00a0\u00bb header_2_font_size_tablet=\u00a0\u00bb50px\u00a0\u00bb header_2_font_size_phone=\u00a0\u00bb32px\u00a0\u00bb header_2_font_size_last_edited=\u00a0\u00bbon|desktop\u00a0\u00bb locked=\u00a0\u00bboff\u00a0\u00bb inline_fonts=\u00a0\u00bbBebas Neue\u00a0\u00bb global_colors_info=\u00a0\u00bb{}\u00a0\u00bb]<\/p>\n<h2><span style=\"font-family: 'Bebas Neue'; font-weight: normal; color: #000000;\">Suivez-nous !<\/span><span style=\"font-family: 'Bebas Neue'; font-weight: normal; color: #000000;\"><\/span><\/h2>\n<p><span style=\"font-family: 'Bebas Neue'; font-weight: normal; color: #000000;\">Abonnez-vous et suivez les actualit\u00e9s de la Verri\u00e8re sur Facebook &amp; Instagram<\/span><\/p>\n<p><span style=\"font-family: 'Bebas Neue'; font-weight: normal; color: #000000;\"><a href=\"https:\/\/www.facebook.com\/people\/La-Verri%C3%A8re-restaurant\/100058817384912\/\" target=\"_blank\" rel=\"noopener\" title=\"Voir la page Facebook\"><img loading=\"lazy\" decoding=\"async\" src=\"https:\/\/laverriere-restaurant.com\/pontdebeauvoisin\/wp-content\/uploads\/2024\/05\/logo-Facebook.png\" width=\"100\" height=\"101\" alt=\"\" class=\"wp-image-1810 alignnone size-full\" \/><\/a> \u00a0 <a href=\"https:\/\/www.instagram.com\/laverriererestaurant\/\" target=\"_blank\" rel=\"noopener\" title=\"La Verri\u00e8re sur Instagram\"><img loading=\"lazy\" decoding=\"async\" src=\"https:\/\/laverriere-restaurant.com\/pontdebeauvoisin\/wp-content\/uploads\/2024\/05\/logo-instagram.png\" width=\"100\" height=\"101\" alt=\"\" class=\"wp-image-1809 alignnone size-full\" \/><\/a><\/span><\/p>\n<p>[\/et_pb_text][et_pb_social_media_follow _builder_version=\u00a0\u00bb4.25.1&Prime; _module_preset=\u00a0\u00bbdefault\u00a0\u00bb global_colors_info=\u00a0\u00bb{}\u00a0\u00bb][et_pb_social_media_follow_network social_network=\u00a0\u00bbfacebook\u00a0\u00bb _builder_version=\u00a0\u00bb4.25.1&Prime; _module_preset=\u00a0\u00bbdefault\u00a0\u00bb background_color=\u00a0\u00bb#3b5998&Prime; global_colors_info=\u00a0\u00bb{}\u00a0\u00bb follow_button=\u00a0\u00bboff\u00a0\u00bb url_new_window=\u00a0\u00bbon\u00a0\u00bb]facebook[\/et_pb_social_media_follow_network][et_pb_social_media_follow_network social_network=\u00a0\u00bbtwitter\u00a0\u00bb _builder_version=\u00a0\u00bb4.25.1&Prime; _module_preset=\u00a0\u00bbdefault\u00a0\u00bb background_color=\u00a0\u00bb#000000&Prime; global_colors_info=\u00a0\u00bb{}\u00a0\u00bb follow_button=\u00a0\u00bboff\u00a0\u00bb url_new_window=\u00a0\u00bbon\u00a0\u00bb]X[\/et_pb_social_media_follow_network][\/et_pb_social_media_follow][\/et_pb_column][\/et_pb_row][\/et_pb_section][et_pb_section fb_built=\u00a0\u00bb1&Prime; make_equal=\u00a0\u00bbon\u00a0\u00bb use_custom_gutter=\u00a0\u00bbon\u00a0\u00bb gutter_width=\u00a0\u00bb2&Prime; specialty=\u00a0\u00bbon\u00a0\u00bb padding_top_1=\u00a0\u00bb30px\u00a0\u00bb padding_top_2=\u00a0\u00bb30px\u00a0\u00bb padding_bottom_1=\u00a0\u00bb30px\u00a0\u00bb padding_bottom_2=\u00a0\u00bb30px\u00a0\u00bb padding_top_bottom_link_1=\u00a0\u00bbfalse\u00a0\u00bb padding_top_bottom_link_2=\u00a0\u00bbfalse\u00a0\u00bb padding_left_right_link_1=\u00a0\u00bbfalse\u00a0\u00bb padding_left_right_link_2=\u00a0\u00bbfalse\u00a0\u00bb module_id=\u00a0\u00bbcontact\u00a0\u00bb _builder_version=\u00a0\u00bb4.16&Prime; _module_preset=\u00a0\u00bbdefault\u00a0\u00bb background_color=\u00a0\u00bb#fdbf4e\u00a0\u00bb max_width=\u00a0\u00bb100%\u00a0\u00bb module_alignment=\u00a0\u00bbcenter\u00a0\u00bb inner_width=\u00a0\u00bb90%\u00a0\u00bb inner_max_width=\u00a0\u00bb90%\u00a0\u00bb inner_module_alignment=\u00a0\u00bbcenter\u00a0\u00bb custom_margin=\u00a0\u00bb0px||0px||false|false\u00a0\u00bb custom_padding=\u00a0\u00bb0px||0px||false|false\u00a0\u00bb saved_tabs=\u00a0\u00bball\u00a0\u00bb global_colors_info=\u00a0\u00bb{}\u00a0\u00bb global_module=\u00a0\u00bb1807&Prime; theme_builder_area=\u00a0\u00bbpost_content\u00a0\u00bb][et_pb_column type=\u00a0\u00bb1_2&Prime; _builder_version=\u00a0\u00bb4.16&Prime; custom_padding=\u00a0\u00bb|||\u00a0\u00bb global_colors_info=\u00a0\u00bb{}\u00a0\u00bb custom_padding__hover=\u00a0\u00bb|||\u00a0\u00bb theme_builder_area=\u00a0\u00bbpost_content\u00a0\u00bb][et_pb_image src=\u00a0\u00bbhttps:\/\/laverriere-restaurant.com\/pontdebeauvoisin\/wp-content\/uploads\/2022\/03\/La-Verriere-Restaurant-Logo-73330-Le-Pont-de-Beauvoisin-La-Baronnie-Savoie-Pizzas-Snacks-Brasserie-Pain-maison.png\u00a0\u00bb title_text=\u00a0\u00bbLa Verri\u00e8re Restaurant &#8211; Logo &#8211; 73330 Le Pont-de-Beauvoisin &#8211; La Baronnie &#8211; Savoie &#8211; Pizzas, Snacks, Brasserie, Pain maison\u00a0\u00bb _builder_version=\u00a0\u00bb4.16&Prime; _module_preset=\u00a0\u00bbdefault\u00a0\u00bb width=\u00a0\u00bb53%\u00a0\u00bb module_alignment=\u00a0\u00bbcenter\u00a0\u00bb custom_padding=\u00a0\u00bb29px|||||\u00a0\u00bb global_colors_info=\u00a0\u00bb{}\u00a0\u00bb theme_builder_area=\u00a0\u00bbpost_content\u00a0\u00bb][\/et_pb_image][\/et_pb_column][et_pb_column type=\u00a0\u00bb1_2&Prime; specialty_columns=\u00a0\u00bb2&Prime; _builder_version=\u00a0\u00bb4.16&Prime; custom_padding=\u00a0\u00bb|||\u00a0\u00bb global_colors_info=\u00a0\u00bb{}\u00a0\u00bb custom_padding__hover=\u00a0\u00bb|||\u00a0\u00bb theme_builder_area=\u00a0\u00bbpost_content\u00a0\u00bb][et_pb_row_inner column_structure=\u00a0\u00bb1_2,1_2&Prime; use_custom_gutter=\u00a0\u00bbon\u00a0\u00bb gutter_width=\u00a0\u00bb2&Prime; make_equal=\u00a0\u00bbon\u00a0\u00bb _builder_version=\u00a0\u00bb4.16&Prime; _module_preset=\u00a0\u00bbdefault\u00a0\u00bb width=\u00a0\u00bb100%\u00a0\u00bb max_width=\u00a0\u00bb100%\u00a0\u00bb module_alignment=\u00a0\u00bbcenter\u00a0\u00bb custom_padding=\u00a0\u00bb27px||1px|||\u00a0\u00bb global_colors_info=\u00a0\u00bb{}\u00a0\u00bb theme_builder_area=\u00a0\u00bbpost_content\u00a0\u00bb][et_pb_column_inner type=\u00a0\u00bb1_2&Prime; saved_specialty_column_type=\u00a0\u00bb1_2&Prime; _builder_version=\u00a0\u00bb4.16&Prime; _module_preset=\u00a0\u00bbdefault\u00a0\u00bb global_colors_info=\u00a0\u00bb{}\u00a0\u00bb theme_builder_area=\u00a0\u00bbpost_content\u00a0\u00bb][et_pb_blurb title=\u00a0\u00bbLa Verri\u00e8re restaurant\u00a0\u00bb use_icon=\u00a0\u00bbon\u00a0\u00bb font_icon=\u00a0\u00bb&#xe01d;||divi||400&Prime; icon_color=\u00a0\u00bb#000000&Prime; image_icon_width=\u00a0\u00bb34px\u00a0\u00bb _builder_version=\u00a0\u00bb4.25.1&Prime; _module_preset=\u00a0\u00bbdefault\u00a0\u00bb header_level=\u00a0\u00bbh2&Prime; header_font=\u00a0\u00bbBebas Neue||||||||\u00a0\u00bb header_text_color=\u00a0\u00bb#000000&Prime; body_font=\u00a0\u00bbAbel||||||||\u00a0\u00bb body_text_color=\u00a0\u00bb#000000&Prime; body_font_size=\u00a0\u00bb22px\u00a0\u00bb body_line_height=\u00a0\u00bb1.5em\u00a0\u00bb body_link_text_color=\u00a0\u00bb#000000&Prime; body_link_font_size=\u00a0\u00bb18px\u00a0\u00bb text_orientation=\u00a0\u00bbcenter\u00a0\u00bb hover_enabled=\u00a0\u00bb0&Prime; global_colors_info=\u00a0\u00bb{}\u00a0\u00bb link_text_color__hover=\u00a0\u00bb#FFFFFF\u00a0\u00bb link_text_color__hover_enabled=\u00a0\u00bbon|desktop\u00a0\u00bb body_link_text_color__hover_enabled=\u00a0\u00bbon|desktop\u00a0\u00bb body_link_text_color__hover=\u00a0\u00bb#FFFFFF\u00a0\u00bb theme_builder_area=\u00a0\u00bbpost_content\u00a0\u00bb sticky_enabled=\u00a0\u00bb0&Prime;]<\/p>\n<p><span style=\"font-family: 'Bebas Neue'; font-weight: normal; color: #000000;\"><\/span>Centre commercial Hyper U<br \/>ZI. La Baronnie<br \/>73330 Le Pont de Beauvoisin<\/p>\n<p><a href=\"mailto:restaurant.brasserielaverriere@gmail.com\" alt=\"lien mail laverriererestaurant@gmail.com\">restaurant.brasserielaverriere@gmail.com<\/a><\/p>\n<p>[\/et_pb_blurb][et_pb_blurb title=\u00a0\u00bbR\u00e9servations\u00a0\u00bb use_icon=\u00a0\u00bbon\u00a0\u00bb font_icon=\u00a0\u00bb&#xf2e7;||fa||900&Prime; icon_color=\u00a0\u00bb#000000&Prime; image_icon_width=\u00a0\u00bb34px\u00a0\u00bb module_id=\u00a0\u00bbreservation\u00a0\u00bb _builder_version=\u00a0\u00bb4.16&Prime; _module_preset=\u00a0\u00bbdefault\u00a0\u00bb header_level=\u00a0\u00bbh2&Prime; header_font=\u00a0\u00bbBebas Neue||||||||\u00a0\u00bb header_text_color=\u00a0\u00bb#000000&Prime; body_font=\u00a0\u00bbAbel||||||||\u00a0\u00bb body_text_color=\u00a0\u00bb#000000&Prime; body_font_size=\u00a0\u00bb22px\u00a0\u00bb body_line_height=\u00a0\u00bb1.5em\u00a0\u00bb body_link_text_color=\u00a0\u00bb#000000&Prime; text_orientation=\u00a0\u00bbcenter\u00a0\u00bb custom_margin=\u00a0\u00bb0px||0px||false|false\u00a0\u00bb custom_padding=\u00a0\u00bb0px||0px||false|false\u00a0\u00bb global_colors_info=\u00a0\u00bb{}\u00a0\u00bb link_text_color__hover=\u00a0\u00bb#FFFFFF\u00a0\u00bb link_text_color__hover_enabled=\u00a0\u00bbon|desktop\u00a0\u00bb body_link_text_color__hover_enabled=\u00a0\u00bbon|desktop\u00a0\u00bb body_link_text_color__hover=\u00a0\u00bb#FFFFFF\u00a0\u00bb theme_builder_area=\u00a0\u00bbpost_content\u00a0\u00bb][\/et_pb_blurb][et_pb_button button_url=\u00a0\u00bbtel:+33476329792&Prime; url_new_window=\u00a0\u00bbon\u00a0\u00bb button_text=\u00a0\u00bb04 76 32 97 92&Prime; button_alignment=\u00a0\u00bbcenter\u00a0\u00bb _builder_version=\u00a0\u00bb4.16&Prime; _module_preset=\u00a0\u00bbdefault\u00a0\u00bb custom_button=\u00a0\u00bbon\u00a0\u00bb button_text_size=\u00a0\u00bb26px\u00a0\u00bb button_text_color=\u00a0\u00bb#000000&Prime; button_bg_color=\u00a0\u00bbRGBA(0,0,0,0)\u00a0\u00bb button_border_width=\u00a0\u00bb3px\u00a0\u00bb button_border_color=\u00a0\u00bb#000000&Prime; button_border_radius=\u00a0\u00bb25px\u00a0\u00bb button_letter_spacing=\u00a0\u00bb1px\u00a0\u00bb button_font=\u00a0\u00bbAbel||||||||\u00a0\u00bb button_icon=\u00a0\u00bb&#xf87b;||fa||900&Prime; button_on_hover=\u00a0\u00bboff\u00a0\u00bb custom_padding=\u00a0\u00bb5px|40px|5px|20px|false|false\u00a0\u00bb global_colors_info=\u00a0\u00bb{}\u00a0\u00bb button_text_color__hover_enabled=\u00a0\u00bbon|desktop\u00a0\u00bb button_text_color__hover=\u00a0\u00bb#FFFFFF\u00a0\u00bb button_border_color__hover_enabled=\u00a0\u00bbon|desktop\u00a0\u00bb button_border_color__hover=\u00a0\u00bb#FFFFFF\u00a0\u00bb button_letter_spacing__hover_enabled=\u00a0\u00bbon|desktop\u00a0\u00bb button_letter_spacing__hover=\u00a0\u00bb2px\u00a0\u00bb theme_builder_area=\u00a0\u00bbpost_content\u00a0\u00bb][\/et_pb_button][\/et_pb_column_inner][et_pb_column_inner type=\u00a0\u00bb1_2&Prime; saved_specialty_column_type=\u00a0\u00bb1_2&Prime; _builder_version=\u00a0\u00bb4.16&Prime; _module_preset=\u00a0\u00bbdefault\u00a0\u00bb global_colors_info=\u00a0\u00bb{}\u00a0\u00bb theme_builder_area=\u00a0\u00bbpost_content\u00a0\u00bb][et_pb_blurb title=\u00a0\u00bbHoraires\u00a0\u00bb use_icon=\u00a0\u00bbon\u00a0\u00bb font_icon=\u00a0\u00bb&#xe60d;||divi||400&Prime; icon_color=\u00a0\u00bb#000000&Prime; image_icon_width=\u00a0\u00bb34px\u00a0\u00bb _builder_version=\u00a0\u00bb4.25.1&Prime; _module_preset=\u00a0\u00bbdefault\u00a0\u00bb header_level=\u00a0\u00bbh2&Prime; header_font=\u00a0\u00bbBebas Neue||||||||\u00a0\u00bb header_text_color=\u00a0\u00bb#000000&Prime; body_font=\u00a0\u00bbAbel||||||||\u00a0\u00bb body_text_color=\u00a0\u00bb#000000&Prime; body_font_size=\u00a0\u00bb22px\u00a0\u00bb body_line_height=\u00a0\u00bb1.5em\u00a0\u00bb body_link_text_color=\u00a0\u00bb#000000&Prime; text_orientation=\u00a0\u00bbcenter\u00a0\u00bb global_colors_info=\u00a0\u00bb{}\u00a0\u00bb link_text_color__hover=\u00a0\u00bb#FFFFFF\u00a0\u00bb link_text_color__hover_enabled=\u00a0\u00bbon|desktop\u00a0\u00bb body_link_text_color__hover_enabled=\u00a0\u00bbon|desktop\u00a0\u00bb body_link_text_color__hover=\u00a0\u00bb#FFFFFF\u00a0\u00bb theme_builder_area=\u00a0\u00bbpost_content\u00a0\u00bb]<\/p>\n<p>Brasserie &#8211; Caf\u00e9<br \/>Ouvert du Lundi au Samedi<br \/>de 8 h 30 \u00e0 20 h<br \/>Repas uniquement le midi<\/p>\n<p>Pizzas \u00e0 emporter tous les midis du lundi au samedi<br \/>Et les soirs du mercredi au samedi jusqu\u2019\u00e0 20h<\/p>\n<p>[\/et_pb_blurb][\/et_pb_column_inner][\/et_pb_row_inner][\/et_pb_column][\/et_pb_section]<\/p>\n","protected":false},"excerpt":{"rendered":"<p>Mentions l\u00e9gales #Publication Direction de la publicationFabrice DeshayesLa Verri\u00e8re restaurantHyper ULa Baronnie 73330 Le Pont-de-BeauvoisinT\u00e9l.: 0476329792Mail : restaurant.brasserielaverriere@gmail.com #Cr\u00e9dits Cr\u00e9ation du siteMarie-Laure Cathelin \/ www.mlcat.com Cr\u00e9ation graphique menus et flyers pizzasTria Design \/ www.tria-design.fr PhotosLa Verri\u00e8re restaurantAnthony Cottarel Photographe \/ www.anthonycottarel.com Tableaux expos\u00e9s au restaurantDelphine Bonon artiste peintre \/ www.delphinebonon.fr &nbsp; #H\u00e9bergement OVH2 rue Kellermann [&hellip;]<\/p>\n","protected":false},"author":1,"featured_media":0,"parent":0,"menu_order":0,"comment_status":"closed","ping_status":"open","template":"","meta":{"_et_pb_use_builder":"on","_et_pb_old_content":"<!-- wp:heading -->\n<h2>Qui sommes-nous&nbsp;?<\/h2>\n<!-- \/wp:heading -->\n\n<!-- wp:paragraph -->\n<p><strong class=\"privacy-policy-tutorial\">Texte sugg\u00e9r\u00e9&nbsp;: <\/strong>L\u2019adresse de notre site est&nbsp;: http:\/\/laverriere-restaurant.com\/pontdebeauvoisin.<\/p>\n<!-- \/wp:paragraph -->\n\n<!-- wp:heading -->\n<h2>Commentaires<\/h2>\n<!-- \/wp:heading -->\n\n<!-- wp:paragraph -->\n<p><strong class=\"privacy-policy-tutorial\">Texte sugg\u00e9r\u00e9&nbsp;: <\/strong>Quand vous laissez un commentaire sur notre site, les donn\u00e9es inscrites dans le formulaire de commentaire, mais aussi votre adresse IP et l\u2019agent utilisateur de votre navigateur sont collect\u00e9s pour nous aider \u00e0 la d\u00e9tection des commentaires ind\u00e9sirables.<\/p>\n<!-- \/wp:paragraph -->\n\n<!-- wp:paragraph -->\n<p>Une cha\u00eene anonymis\u00e9e cr\u00e9\u00e9e \u00e0 partir de votre adresse e-mail (\u00e9galement appel\u00e9e hash) peut \u00eatre envoy\u00e9e au service Gravatar pour v\u00e9rifier si vous utilisez ce dernier. Les clauses de confidentialit\u00e9 du service Gravatar sont disponibles ici&nbsp;: https:\/\/automattic.com\/privacy\/. Apr\u00e8s validation de votre commentaire, votre photo de profil sera visible publiquement \u00e0 cot\u00e9 de votre commentaire.<\/p>\n<!-- \/wp:paragraph -->\n\n<!-- wp:heading -->\n<h2>M\u00e9dias<\/h2>\n<!-- \/wp:heading -->\n\n<!-- wp:paragraph -->\n<p><strong class=\"privacy-policy-tutorial\">Texte sugg\u00e9r\u00e9&nbsp;: <\/strong>Si vous t\u00e9l\u00e9versez des images sur le site, nous vous conseillons d\u2019\u00e9viter de t\u00e9l\u00e9verser des images contenant des donn\u00e9es EXIF de coordonn\u00e9es GPS. Les personnes visitant votre site peuvent t\u00e9l\u00e9charger et extraire des donn\u00e9es de localisation depuis ces images.<\/p>\n<!-- \/wp:paragraph -->\n\n<!-- wp:heading -->\n<h2>Cookies<\/h2>\n<!-- \/wp:heading -->\n\n<!-- wp:paragraph -->\n<p><strong class=\"privacy-policy-tutorial\">Texte sugg\u00e9r\u00e9&nbsp;: <\/strong>Si vous d\u00e9posez un commentaire sur notre site, il vous sera propos\u00e9 d\u2019enregistrer votre nom, adresse e-mail et site dans des cookies. C\u2019est uniquement pour votre confort afin de ne pas avoir \u00e0 saisir ces informations si vous d\u00e9posez un autre commentaire plus tard. Ces cookies expirent au bout d\u2019un an.<\/p>\n<!-- \/wp:paragraph -->\n\n<!-- wp:paragraph -->\n<p>Si vous vous rendez sur la page de connexion, un cookie temporaire sera cr\u00e9\u00e9 afin de d\u00e9terminer si votre navigateur accepte les cookies. Il ne contient pas de donn\u00e9es personnelles et sera supprim\u00e9 automatiquement \u00e0 la fermeture de votre navigateur.<\/p>\n<!-- \/wp:paragraph -->\n\n<!-- wp:paragraph -->\n<p>Lorsque vous vous connecterez, nous mettrons en place un certain nombre de cookies pour enregistrer vos informations de connexion et vos pr\u00e9f\u00e9rences d\u2019\u00e9cran. La dur\u00e9e de vie d\u2019un cookie de connexion est de deux jours, celle d\u2019un cookie d\u2019option d\u2019\u00e9cran est d\u2019un an. Si vous cochez \u00ab&nbsp;Se souvenir de moi&nbsp;\u00bb, votre cookie de connexion sera conserv\u00e9 pendant deux semaines. Si vous vous d\u00e9connectez de votre compte, le cookie de connexion sera effac\u00e9.<\/p>\n<!-- \/wp:paragraph -->\n\n<!-- wp:paragraph -->\n<p>En modifiant ou en publiant une publication, un cookie suppl\u00e9mentaire sera enregistr\u00e9 dans votre navigateur. Ce cookie ne comprend aucune donn\u00e9e personnelle. Il indique simplement l\u2019ID de la publication que vous venez de modifier. Il expire au bout d\u2019un jour.<\/p>\n<!-- \/wp:paragraph -->\n\n<!-- wp:heading -->\n<h2>Contenu embarqu\u00e9 depuis d\u2019autres sites<\/h2>\n<!-- \/wp:heading -->\n\n<!-- wp:paragraph -->\n<p><strong class=\"privacy-policy-tutorial\">Texte sugg\u00e9r\u00e9&nbsp;: <\/strong>Les articles de ce site peuvent inclure des contenus int\u00e9gr\u00e9s (par exemple des vid\u00e9os, images, articles\u2026). Le contenu int\u00e9gr\u00e9 depuis d\u2019autres sites se comporte de la m\u00eame mani\u00e8re que si le visiteur se rendait sur cet autre site.<\/p>\n<!-- \/wp:paragraph -->\n\n<!-- wp:paragraph -->\n<p>Ces sites web pourraient collecter des donn\u00e9es sur vous, utiliser des cookies, embarquer des outils de suivis tiers, suivre vos interactions avec ces contenus embarqu\u00e9s si vous disposez d\u2019un compte connect\u00e9 sur leur site web.<\/p>\n<!-- \/wp:paragraph -->\n\n<!-- wp:heading -->\n<h2>Utilisation et transmission de vos donn\u00e9es personnelles<\/h2>\n<!-- \/wp:heading -->\n\n<!-- wp:paragraph -->\n<p><strong class=\"privacy-policy-tutorial\">Texte sugg\u00e9r\u00e9&nbsp;: <\/strong>Si vous demandez une r\u00e9initialisation de votre mot de passe, votre adresse IP sera incluse dans l\u2019e-mail de r\u00e9initialisation.<\/p>\n<!-- \/wp:paragraph -->\n\n<!-- wp:heading -->\n<h2>Dur\u00e9es de stockage de vos donn\u00e9es<\/h2>\n<!-- \/wp:heading -->\n\n<!-- wp:paragraph -->\n<p><strong class=\"privacy-policy-tutorial\">Texte sugg\u00e9r\u00e9&nbsp;: <\/strong>Si vous laissez un commentaire, le commentaire et ses m\u00e9tadonn\u00e9es sont conserv\u00e9s ind\u00e9finiment. Cela permet de reconna\u00eetre et approuver automatiquement les commentaires suivants au lieu de les laisser dans la file de mod\u00e9ration.<\/p>\n<!-- \/wp:paragraph -->\n\n<!-- wp:paragraph -->\n<p>Pour les comptes qui s\u2019inscrivent sur notre site (le cas \u00e9ch\u00e9ant), nous stockons \u00e9galement les donn\u00e9es personnelles indiqu\u00e9es dans leur profil. Tous les comptes peuvent voir, modifier ou supprimer leurs informations personnelles \u00e0 tout moment (\u00e0 l\u2019exception de leur identifiant). Les gestionnaires du site peuvent aussi voir et modifier ces informations.<\/p>\n<!-- \/wp:paragraph -->\n\n<!-- wp:heading -->\n<h2>Les droits que vous avez sur vos donn\u00e9es<\/h2>\n<!-- \/wp:heading -->\n\n<!-- wp:paragraph -->\n<p><strong class=\"privacy-policy-tutorial\">Texte sugg\u00e9r\u00e9&nbsp;: <\/strong>Si vous avez un compte ou si vous avez laiss\u00e9 des commentaires sur le site, vous pouvez demander \u00e0 recevoir un fichier contenant toutes les donn\u00e9es personnelles que nous poss\u00e9dons \u00e0 votre sujet, incluant celles que vous nous avez fournies. Vous pouvez \u00e9galement demander la suppression des donn\u00e9es personnelles vous concernant. Cela ne prend pas en compte les donn\u00e9es stock\u00e9es \u00e0 des fins administratives, l\u00e9gales ou pour des raisons de s\u00e9curit\u00e9.<\/p>\n<!-- \/wp:paragraph -->\n\n<!-- wp:heading -->\n<h2>Transmission de vos donn\u00e9es personnelles<\/h2>\n<!-- \/wp:heading -->\n\n<!-- wp:paragraph -->\n<p><strong class=\"privacy-policy-tutorial\">Texte sugg\u00e9r\u00e9&nbsp;: <\/strong>Les commentaires des visiteurs peuvent \u00eatre v\u00e9rifi\u00e9s \u00e0 l\u2019aide d\u2019un service automatis\u00e9 de d\u00e9tection des commentaires ind\u00e9sirables.<\/p>\n<!-- \/wp:paragraph -->","_et_gb_content_width":"1080","footnotes":""},"class_list":["post-3","page","type-page","status-publish","hentry"],"yoast_head":"<!-- This site is optimized with the Yoast SEO plugin v27.5 - https:\/\/yoast.com\/product\/yoast-seo-wordpress\/ -->\n<title>Politique de confidentialit\u00e9 - La Verri\u00e8re Restaurant<\/title>\n<meta name=\"robots\" content=\"index, follow, max-snippet:-1, max-image-preview:large, max-video-preview:-1\" \/>\n<link rel=\"canonical\" href=\"https:\/\/laverriere-restaurant.com\/pontdebeauvoisin\/politique-de-confidentialite\/\" \/>\n<meta property=\"og:locale\" content=\"fr_FR\" \/>\n<meta property=\"og:type\" content=\"article\" \/>\n<meta property=\"og:title\" content=\"Politique de confidentialit\u00e9 - La Verri\u00e8re Restaurant\" \/>\n<meta property=\"og:description\" content=\"Mentions l\u00e9gales #Publication Direction de la publicationFabrice DeshayesLa Verri\u00e8re restaurantHyper ULa Baronnie 73330 Le Pont-de-BeauvoisinT\u00e9l.: 0476329792Mail : restaurant.brasserielaverriere@gmail.com #Cr\u00e9dits Cr\u00e9ation du siteMarie-Laure Cathelin \/ www.mlcat.com Cr\u00e9ation graphique menus et flyers pizzasTria Design \/ www.tria-design.fr PhotosLa Verri\u00e8re restaurantAnthony Cottarel Photographe \/ www.anthonycottarel.com Tableaux expos\u00e9s au restaurantDelphine Bonon artiste peintre \/ www.delphinebonon.fr &nbsp; #H\u00e9bergement OVH2 rue Kellermann [&hellip;]\" \/>\n<meta property=\"og:url\" content=\"https:\/\/laverriere-restaurant.com\/pontdebeauvoisin\/politique-de-confidentialite\/\" \/>\n<meta property=\"og:site_name\" content=\"La Verri\u00e8re Restaurant\" \/>\n<meta property=\"article:modified_time\" content=\"2024-05-14T08:10:56+00:00\" \/>\n<meta property=\"og:image\" content=\"https:\/\/laverriere-restaurant.com\/pontdebeauvoisin\/wp-content\/uploads\/2024\/05\/logo-Facebook.png\" \/>\n<meta name=\"twitter:card\" content=\"summary_large_image\" \/>\n<meta name=\"twitter:label1\" content=\"Dur\u00e9e de lecture estim\u00e9e\" \/>\n\t<meta name=\"twitter:data1\" content=\"4 minutes\" \/>\n<script type=\"application\/ld+json\" class=\"yoast-schema-graph\">{\"@context\":\"https:\\\/\\\/schema.org\",\"@graph\":[{\"@type\":\"WebPage\",\"@id\":\"https:\\\/\\\/laverriere-restaurant.com\\\/pontdebeauvoisin\\\/politique-de-confidentialite\\\/\",\"url\":\"https:\\\/\\\/laverriere-restaurant.com\\\/pontdebeauvoisin\\\/politique-de-confidentialite\\\/\",\"name\":\"Politique de confidentialit\u00e9 - La Verri\u00e8re Restaurant\",\"isPartOf\":{\"@id\":\"https:\\\/\\\/laverriere-restaurant.com\\\/pontdebeauvoisin\\\/#website\"},\"primaryImageOfPage\":{\"@id\":\"https:\\\/\\\/laverriere-restaurant.com\\\/pontdebeauvoisin\\\/politique-de-confidentialite\\\/#primaryimage\"},\"image\":{\"@id\":\"https:\\\/\\\/laverriere-restaurant.com\\\/pontdebeauvoisin\\\/politique-de-confidentialite\\\/#primaryimage\"},\"thumbnailUrl\":\"https:\\\/\\\/laverriere-restaurant.com\\\/pontdebeauvoisin\\\/wp-content\\\/uploads\\\/2024\\\/05\\\/logo-Facebook.png\",\"datePublished\":\"2022-03-17T16:29:24+00:00\",\"dateModified\":\"2024-05-14T08:10:56+00:00\",\"breadcrumb\":{\"@id\":\"https:\\\/\\\/laverriere-restaurant.com\\\/pontdebeauvoisin\\\/politique-de-confidentialite\\\/#breadcrumb\"},\"inLanguage\":\"fr-FR\",\"potentialAction\":[{\"@type\":\"ReadAction\",\"target\":[\"https:\\\/\\\/laverriere-restaurant.com\\\/pontdebeauvoisin\\\/politique-de-confidentialite\\\/\"]}]},{\"@type\":\"ImageObject\",\"inLanguage\":\"fr-FR\",\"@id\":\"https:\\\/\\\/laverriere-restaurant.com\\\/pontdebeauvoisin\\\/politique-de-confidentialite\\\/#primaryimage\",\"url\":\"https:\\\/\\\/laverriere-restaurant.com\\\/pontdebeauvoisin\\\/wp-content\\\/uploads\\\/2024\\\/05\\\/logo-Facebook.png\",\"contentUrl\":\"https:\\\/\\\/laverriere-restaurant.com\\\/pontdebeauvoisin\\\/wp-content\\\/uploads\\\/2024\\\/05\\\/logo-Facebook.png\",\"width\":120,\"height\":121},{\"@type\":\"BreadcrumbList\",\"@id\":\"https:\\\/\\\/laverriere-restaurant.com\\\/pontdebeauvoisin\\\/politique-de-confidentialite\\\/#breadcrumb\",\"itemListElement\":[{\"@type\":\"ListItem\",\"position\":1,\"name\":\"Accueil\",\"item\":\"https:\\\/\\\/laverriere-restaurant.com\\\/pontdebeauvoisin\\\/\"},{\"@type\":\"ListItem\",\"position\":2,\"name\":\"Politique de confidentialit\u00e9\"}]},{\"@type\":\"WebSite\",\"@id\":\"https:\\\/\\\/laverriere-restaurant.com\\\/pontdebeauvoisin\\\/#website\",\"url\":\"https:\\\/\\\/laverriere-restaurant.com\\\/pontdebeauvoisin\\\/\",\"name\":\"La Verri\u00e8re Restaurant\",\"description\":\"Restaurant, brasserie, caf\u00e9, pizzeria, pizzas \u00e0 emporter, 73330 Pont de Beauvoisin, Baronnie, Hyper U\",\"potentialAction\":[{\"@type\":\"SearchAction\",\"target\":{\"@type\":\"EntryPoint\",\"urlTemplate\":\"https:\\\/\\\/laverriere-restaurant.com\\\/pontdebeauvoisin\\\/?s={search_term_string}\"},\"query-input\":{\"@type\":\"PropertyValueSpecification\",\"valueRequired\":true,\"valueName\":\"search_term_string\"}}],\"inLanguage\":\"fr-FR\"}]}<\/script>\n<!-- \/ Yoast SEO plugin. -->","yoast_head_json":{"title":"Politique de confidentialit\u00e9 - La Verri\u00e8re Restaurant","robots":{"index":"index","follow":"follow","max-snippet":"max-snippet:-1","max-image-preview":"max-image-preview:large","max-video-preview":"max-video-preview:-1"},"canonical":"https:\/\/laverriere-restaurant.com\/pontdebeauvoisin\/politique-de-confidentialite\/","og_locale":"fr_FR","og_type":"article","og_title":"Politique de confidentialit\u00e9 - La Verri\u00e8re Restaurant","og_description":"Mentions l\u00e9gales #Publication Direction de la publicationFabrice DeshayesLa Verri\u00e8re restaurantHyper ULa Baronnie 73330 Le Pont-de-BeauvoisinT\u00e9l.: 0476329792Mail : restaurant.brasserielaverriere@gmail.com #Cr\u00e9dits Cr\u00e9ation du siteMarie-Laure Cathelin \/ www.mlcat.com Cr\u00e9ation graphique menus et flyers pizzasTria Design \/ www.tria-design.fr PhotosLa Verri\u00e8re restaurantAnthony Cottarel Photographe \/ www.anthonycottarel.com Tableaux expos\u00e9s au restaurantDelphine Bonon artiste peintre \/ www.delphinebonon.fr &nbsp; #H\u00e9bergement OVH2 rue Kellermann [&hellip;]","og_url":"https:\/\/laverriere-restaurant.com\/pontdebeauvoisin\/politique-de-confidentialite\/","og_site_name":"La Verri\u00e8re Restaurant","article_modified_time":"2024-05-14T08:10:56+00:00","og_image":[{"url":"https:\/\/laverriere-restaurant.com\/pontdebeauvoisin\/wp-content\/uploads\/2024\/05\/logo-Facebook.png","type":"","width":"","height":""}],"twitter_card":"summary_large_image","twitter_misc":{"Dur\u00e9e de lecture estim\u00e9e":"4 minutes"},"schema":{"@context":"https:\/\/schema.org","@graph":[{"@type":"WebPage","@id":"https:\/\/laverriere-restaurant.com\/pontdebeauvoisin\/politique-de-confidentialite\/","url":"https:\/\/laverriere-restaurant.com\/pontdebeauvoisin\/politique-de-confidentialite\/","name":"Politique de confidentialit\u00e9 - La Verri\u00e8re Restaurant","isPartOf":{"@id":"https:\/\/laverriere-restaurant.com\/pontdebeauvoisin\/#website"},"primaryImageOfPage":{"@id":"https:\/\/laverriere-restaurant.com\/pontdebeauvoisin\/politique-de-confidentialite\/#primaryimage"},"image":{"@id":"https:\/\/laverriere-restaurant.com\/pontdebeauvoisin\/politique-de-confidentialite\/#primaryimage"},"thumbnailUrl":"https:\/\/laverriere-restaurant.com\/pontdebeauvoisin\/wp-content\/uploads\/2024\/05\/logo-Facebook.png","datePublished":"2022-03-17T16:29:24+00:00","dateModified":"2024-05-14T08:10:56+00:00","breadcrumb":{"@id":"https:\/\/laverriere-restaurant.com\/pontdebeauvoisin\/politique-de-confidentialite\/#breadcrumb"},"inLanguage":"fr-FR","potentialAction":[{"@type":"ReadAction","target":["https:\/\/laverriere-restaurant.com\/pontdebeauvoisin\/politique-de-confidentialite\/"]}]},{"@type":"ImageObject","inLanguage":"fr-FR","@id":"https:\/\/laverriere-restaurant.com\/pontdebeauvoisin\/politique-de-confidentialite\/#primaryimage","url":"https:\/\/laverriere-restaurant.com\/pontdebeauvoisin\/wp-content\/uploads\/2024\/05\/logo-Facebook.png","contentUrl":"https:\/\/laverriere-restaurant.com\/pontdebeauvoisin\/wp-content\/uploads\/2024\/05\/logo-Facebook.png","width":120,"height":121},{"@type":"BreadcrumbList","@id":"https:\/\/laverriere-restaurant.com\/pontdebeauvoisin\/politique-de-confidentialite\/#breadcrumb","itemListElement":[{"@type":"ListItem","position":1,"name":"Accueil","item":"https:\/\/laverriere-restaurant.com\/pontdebeauvoisin\/"},{"@type":"ListItem","position":2,"name":"Politique de confidentialit\u00e9"}]},{"@type":"WebSite","@id":"https:\/\/laverriere-restaurant.com\/pontdebeauvoisin\/#website","url":"https:\/\/laverriere-restaurant.com\/pontdebeauvoisin\/","name":"La Verri\u00e8re Restaurant","description":"Restaurant, brasserie, caf\u00e9, pizzeria, pizzas \u00e0 emporter, 73330 Pont de Beauvoisin, Baronnie, Hyper U","potentialAction":[{"@type":"SearchAction","target":{"@type":"EntryPoint","urlTemplate":"https:\/\/laverriere-restaurant.com\/pontdebeauvoisin\/?s={search_term_string}"},"query-input":{"@type":"PropertyValueSpecification","valueRequired":true,"valueName":"search_term_string"}}],"inLanguage":"fr-FR"}]}},"_links":{"self":[{"href":"https:\/\/laverriere-restaurant.com\/pontdebeauvoisin\/wp-json\/wp\/v2\/pages\/3","targetHints":{"allow":["GET"]}}],"collection":[{"href":"https:\/\/laverriere-restaurant.com\/pontdebeauvoisin\/wp-json\/wp\/v2\/pages"}],"about":[{"href":"https:\/\/laverriere-restaurant.com\/pontdebeauvoisin\/wp-json\/wp\/v2\/types\/page"}],"author":[{"embeddable":true,"href":"https:\/\/laverriere-restaurant.com\/pontdebeauvoisin\/wp-json\/wp\/v2\/users\/1"}],"replies":[{"embeddable":true,"href":"https:\/\/laverriere-restaurant.com\/pontdebeauvoisin\/wp-json\/wp\/v2\/comments?post=3"}],"version-history":[{"count":8,"href":"https:\/\/laverriere-restaurant.com\/pontdebeauvoisin\/wp-json\/wp\/v2\/pages\/3\/revisions"}],"predecessor-version":[{"id":1827,"href":"https:\/\/laverriere-restaurant.com\/pontdebeauvoisin\/wp-json\/wp\/v2\/pages\/3\/revisions\/1827"}],"wp:attachment":[{"href":"https:\/\/laverriere-restaurant.com\/pontdebeauvoisin\/wp-json\/wp\/v2\/media?parent=3"}],"curies":[{"name":"wp","href":"https:\/\/api.w.org\/{rel}","templated":true}]}}